{"id":11,"date":"2024-06-10T14:46:04","date_gmt":"2024-06-10T14:46:04","guid":{"rendered":"https:\/\/designveileder.no\/?page_id=11"},"modified":"2025-01-06T21:28:40","modified_gmt":"2025-01-06T21:28:40","slug":"innhold","status":"publish","type":"page","link":"https:\/\/designveileder.no\/","title":{"rendered":"Veilederens innhold"},"content":{"rendered":"<p>Velkommen til <strong>designveilederen<\/strong> &#8212; en praktisk h\u00e5ndbok &#8212; om e-l\u00e6ring for mennesker med kognitive utfordriger. Veilederen er delt i selvstendige kapitler. Under ser du innholdsfortegnelsen p\u00e5 \u00f8verste niv\u00e5 som lenker til innholdet.<\/p>\n<p style=\"padding-left: 40px;\"><strong><a href=\"https:\/\/designveileder.no\/?page_id=44\">Forord<\/a><\/strong><\/p>\n<ol>\n<li><strong>Definisjoner<\/strong>\n<ol type=\"A\">\n<li><a href=\"https:\/\/designveileder.no\/?page_id=412\">Universell utforming og tilgjengelighet av ikt<\/a><\/li>\n<li><a href=\"https:\/\/designveileder.no\/?page_id=91\">E-l\u00e6ring<\/a><\/li>\n<\/ol>\n<\/li>\n<li><strong>Kognisjon og kognitiv svikt<\/strong>\n<ol type=\"A\">\n<li><a href=\"https:\/\/designveileder.no\/?page_id=88\">Kognisjon<\/a><\/li>\n<li><a href=\"https:\/\/designveileder.no\/?page_id=83\">Personer med kognitiv svikt<\/a><\/li>\n<\/ol>\n<\/li>\n<li><strong>L\u00e6r din bruker \u00e5 kjenne<\/strong>\n<ol type=\"A\">\n<li><a href=\"https:\/\/designveileder.no\/?page_id=65\">Personas<\/a><\/li>\n<li><a href=\"https:\/\/designveileder.no\/?page_id=191\">Empatikart<\/a><\/li>\n<li><a href=\"https:\/\/designveileder.no\/?page_id=248\">Behovskartlegging<\/a><\/li>\n<\/ol>\n<\/li>\n<li><strong>Utvikling av e-l\u00e6ring<\/strong>\n<ol type=\"A\">\n<li><a href=\"https:\/\/designveileder.no\/?page_id=696\">Ambisjonsniv\u00e5er<\/a><\/li>\n<li><a href=\"https:\/\/designveileder.no\/?page_id=335\">Eksempler p\u00e5 kognitivt tilgjengelig e-l\u00e6ring<\/a><\/li>\n<li><a href=\"https:\/\/designveileder.no\/?page_id=393\">Testing<\/a><\/li>\n<\/ol>\n<\/li>\n<li><strong>Spr\u00e5klige aspekter<\/strong>\n<ol type=\"A\">\n<li><a href=\"https:\/\/designveileder.no\/?page_id=145\">Lettelst vs. klarspr\u00e5k<\/a><\/li>\n<li><a href=\"https:\/\/designveileder.no\/?page_id=389\">Symboler og tegn for tekst<\/a><\/li>\n<\/ol>\n<\/li>\n<li><strong>Videoer i e-l\u00e6ring<\/strong>\n<ol type=\"A\">\n<li><a href=\"https:\/\/designveileder.no\/?page_id=282\">Gode videoer<\/a><\/li>\n<li><a href=\"https:\/\/designveileder.no\/?page_id=731\">Video-opptak og personvern<\/a><\/li>\n<li><a href=\"https:\/\/designveileder.no\/?page_id=434\">Filoverf\u00f8ring og videotjenester<\/a><\/li>\n<\/ol>\n<\/li>\n<li><strong>Teknologi til hjelp<\/strong>\n<ol type=\"A\">\n<li><a href=\"https:\/\/designveileder.no\/?page_id=339\">Nyttige applikasjoner og tjenester<\/a><\/li>\n<li><a href=\"https:\/\/designveileder.no\/?page_id=167\">Teknisk utstyr<\/a><\/li>\n<\/ol>\n<\/li>\n<li><strong><a href=\"https:\/\/designveileder.no\/?page_id=240\">E-l\u00e6ring i tjenesteyting<\/a><\/strong><\/li>\n<li><strong>Fra myndighetene<\/strong>\n<ol type=\"A\">\n<li><a href=\"https:\/\/designveileder.no\/?page_id=32\">Myndighetenes r\u00e5d for e-l\u00e6ringskurs<\/a><\/li>\n<li><a href=\"https:\/\/designveileder.no\/?page_id=404\">Tilgjengelighetserkl\u00e6ring<\/a><\/li>\n<\/ol>\n<\/li>\n<li><strong><a href=\"https:\/\/designveileder.no\/?page_id=347\">Demensvennlig utvikling<\/a><\/strong><\/li>\n<\/ol>\n<p>&nbsp;<\/p>\n<p>Samtlige kapitler kan lastes ned i hefteform som et <a href=\"https:\/\/designveileder.no\/wp-content\/uploads\/2025\/01\/Designveilederen_Karde.pdf\" target=\"_blank\" rel=\"noopener\">pdf-dokument her<\/a>.<\/p>\n","protected":false},"excerpt":{"rendered":"<p>Velkommen til designveilederen &#8212; en praktisk h\u00e5ndbok &#8212; om e-l\u00e6ring for mennesker med kognitive utfordriger. Veilederen er delt i selvstendige kapitler. Under ser du innholdsfortegnelsen p\u00e5 \u00f8verste niv\u00e5 som lenker til innholdet. Forord Definisjoner Universell utforming og tilgjengelighet av ikt E-l\u00e6ring Kognisjon og kognitiv svikt Kognisjon Personer med kognitiv svikt L\u00e6r din bruker \u00e5 kjenne [&hellip;]<\/p>\n","protected":false},"author":1,"featured_media":0,"parent":0,"menu_order":0,"comment_status":"closed","ping_status":"closed","template":"","meta":{"footnotes":""},"_links":{"self":[{"href":"https:\/\/designveileder.no\/index.php?rest_route=\/wp\/v2\/pages\/11"}],"collection":[{"href":"https:\/\/designveileder.no\/index.php?rest_route=\/wp\/v2\/pages"}],"about":[{"href":"https:\/\/designveileder.no\/index.php?rest_route=\/wp\/v2\/types\/page"}],"author":[{"embeddable":true,"href":"https:\/\/designveileder.no\/index.php?rest_route=\/wp\/v2\/users\/1"}],"replies":[{"embeddable":true,"href":"https:\/\/designveileder.no\/index.php?rest_route=%2Fwp%2Fv2%2Fcomments&post=11"}],"version-history":[{"count":113,"href":"https:\/\/designveileder.no\/index.php?rest_route=\/wp\/v2\/pages\/11\/revisions"}],"predecessor-version":[{"id":882,"href":"https:\/\/designveileder.no\/index.php?rest_route=\/wp\/v2\/pages\/11\/revisions\/882"}],"wp:attachment":[{"href":"https:\/\/designveileder.no\/index.php?rest_route=%2Fwp%2Fv2%2Fmedia&parent=11"}],"curies":[{"name":"wp","href":"https:\/\/api.w.org\/{rel}","templated":true}]}}